{"id":31185,"date":"2023-04-03T17:39:00","date_gmt":"2023-04-03T15:39:00","guid":{"rendered":"https:\/\/www.mivsrl.com\/product\/porte-coulissante-de-refrigeration-industrielle-pour-temperature-negative-970bt\/"},"modified":"2023-06-30T15:01:07","modified_gmt":"2023-06-30T13:01:07","slug":"porte-coulissante-de-refrigeration-industrielle-pour-temperature-negative-970bt","status":"publish","type":"product","link":"https:\/\/www.mivsrl.com\/fr\/produit\/porte-coulissante-de-refrigeration-industrielle-pour-temperature-negative-970bt\/","title":{"rendered":"PORTE FRIGORIFIQUE INDUSTRIELLE COULISSANTE POUR TEMPERATURE NEGATIVE 970BT"},"content":{"rendered":"\t\t<div data-elementor-type=\"wp-post\" data-elementor-id=\"31185\" class=\"elementor elementor-31185 elementor-23233\">\n\t\t\t\t\t\t<section class=\"elementor-section elementor-top-section elementor-element elementor-element-62722b1 elementor-section-boxed elementor-section-height-default elementor-section-height-default wd-section-disabled\" data-id=\"62722b1\" data-element_type=\"section\" data-e-type=\"section\">\n\t\t\t\t\t\t<div class=\"elementor-container elementor-column-gap-default\">\n\t\t\t\t\t<div class=\"elementor-column elementor-col-50 elementor-top-column elementor-element elementor-element-f742169\" data-id=\"f742169\" data-element_type=\"column\" data-e-type=\"column\">\n\t\t\t<div class=\"elementor-widget-wrap elementor-element-populated\">\n\t\t\t\t\t\t<div class=\"elementor-element elementor-element-218a95a elementor-widget elementor-widget-wd_text_block\" data-id=\"218a95a\" data-element_type=\"widget\" data-e-type=\"widget\" data-widget_type=\"wd_text_block.default\">\n\t\t\t\t<div class=\"elementor-widget-container\">\n\t\t\t\t\t\t\t<div class=\"wd-text-block reset-last-child text-left\">\n\t\t\t\n\t\t\t<strong>CONSTRUCTION STANDARD\n<\/strong>\n\t\t\t\t\t<\/div>\n\t\t\t\t\t\t<\/div>\n\t\t\t\t<\/div>\n\t\t\t\t<div class=\"elementor-element elementor-element-1599983 elementor-widget elementor-widget-wd_list\" data-id=\"1599983\" data-element_type=\"widget\" data-e-type=\"widget\" data-widget_type=\"wd_list.default\">\n\t\t\t\t<div class=\"elementor-widget-container\">\n\t\t\t\t\t\t\t<ul class=\"wd-list color-scheme- wd-fontsize-s wd-list-type-unordered wd-list-style-default wd-justify-left\">\n\t\t\t\t\t\t\t\t\t\t\t<li class=\"elementor-repeater-item-c47ceb3\">\n\t\t\t\t\t\t\t\t\t\t\t<span class=\"list-icon\"><\/span>\t\t\t\t\t\n\t\t\t\t\t<span class=\"list-content\">\n\t\t\t\t\t\tPorte coulissante isotherme pour temp\u00e9rature n\u00e9gative pour application \u00e0 l\u2019int\u00e9rieur\n\n\n\t\t\t\t\t<\/span>\n\n\t\t\t\t\t\t\t\t\t<\/li>\n\t\t\t\t\t\t\t\t\t\t\t<li class=\"elementor-repeater-item-31a1e4d\">\n\t\t\t\t\t\t\t\t\t\t\t<span class=\"list-icon\"><\/span>\t\t\t\t\t\n\t\t\t\t\t<span class=\"list-content\">\n\t\t\t\t\t\tInstallation sur panneau\/ ma\u00e7onnerie\n\n\t\t\t\t\t<\/span>\n\n\t\t\t\t\t\t\t\t\t<\/li>\n\t\t\t\t\t\t\t\t\t\t\t<li class=\"elementor-repeater-item-4d493f8\">\n\t\t\t\t\t\t\t\t\t\t\t<span class=\"list-icon\"><\/span>\t\t\t\t\t\n\t\t\t\t\t<span class=\"list-content\">\n\t\t\t\t\t\tEncadrement vantail en aluminium \u00e9p.90\/120 mm\n\n\n\t\t\t\t\t<\/span>\n\n\t\t\t\t\t\t\t\t\t<\/li>\n\t\t\t\t\t\t\t\t\t\t\t<li class=\"elementor-repeater-item-23dfadc\">\n\t\t\t\t\t\t\t\t\t\t\t<span class=\"list-icon\"><\/span>\t\t\t\t\t\n\t\t\t\t\t<span class=\"list-content\">\n\t\t\t\t\t\tRev\u00eatement int\u00e9rieur et ext\u00e9rieur en t\u00f4le plastifi\u00e9e blanche (Variante rev\u00eatement en acier inoxydable)\n\t\t\t\t\t<\/span>\n\n\t\t\t\t\t\t\t\t\t<\/li>\n\t\t\t\t\t\t\t\t\t\t\t<li class=\"elementor-repeater-item-1d80baf\">\n\t\t\t\t\t\t\t\t\t\t\t<span class=\"list-icon\"><\/span>\t\t\t\t\t\n\t\t\t\t\t<span class=\"list-content\">\n\t\t\t\t\t\tVantail inject\u00e9e avec mousse de polyur\u00e9thane \u00abPUR\u00bb sans CFC densit\u00e9 40 \u2013 42 kg\/mc\n\n\t\t\t\t\t<\/span>\n\n\t\t\t\t\t\t\t\t\t<\/li>\n\t\t\t\t\t\t\t\t\t\t\t<li class=\"elementor-repeater-item-4cd2375\">\n\t\t\t\t\t\t\t\t\t\t\t<span class=\"list-icon\"><\/span>\t\t\t\t\t\n\t\t\t\t\t<span class=\"list-content\">\n\t\t\t\t\t\tDouble joint EPDM d\u2019\u00e9tanch\u00e9it\u00e9 p\u00e9riph\u00e9rique et inf\u00e9rieur avec cordon chauffant appliqu\u00e9e sur le b\u00e2ti ou \u00e0 l\u2019int\u00e9rieur du joint\n\n\n\t\t\t\t\t<\/span>\n\n\t\t\t\t\t\t\t\t\t<\/li>\n\t\t\t\t\t\t\t\t\t\t\t<li class=\"elementor-repeater-item-970d07f\">\n\t\t\t\t\t\t\t\t\t\t\t<span class=\"list-icon\"><\/span>\t\t\t\t\t\n\t\t\t\t\t<span class=\"list-content\">\n\t\t\t\t\t\tVantail soutenu par des supports et poulies en Techno-polym\u00e8re et coulissante sur un rail en aluminium anodise avec cache-rail\n\n\n\n\n\t\t\t\t\t<\/span>\n\n\t\t\t\t\t\t\t\t\t<\/li>\n\t\t\t\t\t\t\t\t\t\t\t<li class=\"elementor-repeater-item-f35efd7\">\n\t\t\t\t\t\t\t\t\t\t\t<span class=\"list-icon\"><\/span>\t\t\t\t\t\n\t\t\t\t\t<span class=\"list-content\">\n\t\t\t\t\t\tGuide inf\u00e9rieur en aluminium anodise appliqu\u00e9 \u00e0 paroi\n\n\n\t\t\t\t\t<\/span>\n\n\t\t\t\t\t\t\t\t\t<\/li>\n\t\t\t\t\t\t\t\t\t\t\t<li class=\"elementor-repeater-item-f170dce\">\n\t\t\t\t\t\t\t\t\t\t\t<span class=\"list-icon\"><\/span>\t\t\t\t\t\n\t\t\t\t\t<span class=\"list-content\">\n\t\t\t\t\t\tSyst\u00e8me de coulissement adapt\u00e9 aux petites et moyennes dimensions\n\n\n\n\t\t\t\t\t<\/span>\n\n\t\t\t\t\t\t\t\t\t<\/li>\n\t\t\t\t\t\t\t\t\t\t\t<li class=\"elementor-repeater-item-f3f1da1\">\n\t\t\t\t\t\t\t\t\t\t\t<span class=\"list-icon\"><\/span>\t\t\t\t\t\n\t\t\t\t\t<span class=\"list-content\">\n\t\t\t\t\t\tPoign\u00e9e MIV \u00e0 levier passante interne\/externe\n\n\n\n\t\t\t\t\t<\/span>\n\n\t\t\t\t\t\t\t\t\t<\/li>\n\t\t\t\t\t\t\t\t\t\t\t<li class=\"elementor-repeater-item-878bc64\">\n\t\t\t\t\t\t\t\t\t\t\t<span class=\"list-icon\"><\/span>\t\t\t\t\t\n\t\t\t\t\t<span class=\"list-content\">\n\t\t\t\t\t\tB\u00e2ti embrassant \u00e0 \u00abL\u00bb de 100\u00d725 mm en pvc, avec des modules suppl\u00e9mentaires pour atteindre l\u2019\u00e9paisseur du panneau, avec contre-cadre en pvc (Variante en aluminium)\n\n\n\n\n\n\t\t\t\t\t<\/span>\n\n\t\t\t\t\t\t\t\t\t<\/li>\n\t\t\t\t\t\t\t\t\t\t\t<li class=\"elementor-repeater-item-0aa1ae2\">\n\t\t\t\t\t\t\t\t\t\t\t<span class=\"list-icon\"><\/span>\t\t\t\t\t\n\t\t\t\t\t<span class=\"list-content\">\n\t\t\t\t\t\tSeuil \u00e0 fil sol avec angulaire en aluminium chauff\u00e9e\/froide\n\n\n\n\n\n\n\t\t\t\t\t<\/span>\n\n\t\t\t\t\t\t\t\t\t<\/li>\n\t\t\t\t\t\t\t\t\t\t\t<li class=\"elementor-repeater-item-b037a0f\">\n\t\t\t\t\t\t\t\t\t\t\t<span class=\"list-icon\"><\/span>\t\t\t\t\t\n\t\t\t\t\t<span class=\"list-content\">\n\t\t\t\t\t\tMax passage net 160 x Ht 250\n\n\n\n\n\n\n\n\t\t\t\t\t<\/span>\n\n\t\t\t\t\t\t\t\t\t<\/li>\n\t\t\t\t\t<\/ul>\n\n\t\t\t\t\t\t<\/div>\n\t\t\t\t<\/div>\n\t\t\t\t\t<\/div>\n\t\t<\/div>\n\t\t\t\t<div class=\"elementor-column elementor-col-50 elementor-top-column elementor-element elementor-element-d056aa6\" data-id=\"d056aa6\" data-element_type=\"column\" data-e-type=\"column\">\n\t\t\t<div class=\"elementor-widget-wrap elementor-element-populated\">\n\t\t\t\t\t\t<div class=\"elementor-element elementor-element-e7ccbeb elementor-widget elementor-widget-wd_text_block\" data-id=\"e7ccbeb\" data-element_type=\"widget\" data-e-type=\"widget\" data-widget_type=\"wd_text_block.default\">\n\t\t\t\t<div class=\"elementor-widget-container\">\n\t\t\t\t\t\t\t<div class=\"wd-text-block reset-last-child text-left\">\n\t\t\t\n\t\t\t<p><strong>OPTIONAL<\/strong><\/p>\n\t\t\t\t\t<\/div>\n\t\t\t\t\t\t<\/div>\n\t\t\t\t<\/div>\n\t\t\t\t<div class=\"elementor-element elementor-element-6882f35 elementor-widget elementor-widget-wd_list\" data-id=\"6882f35\" data-element_type=\"widget\" data-e-type=\"widget\" data-widget_type=\"wd_list.default\">\n\t\t\t\t<div class=\"elementor-widget-container\">\n\t\t\t\t\t\t\t<ul class=\"wd-list color-scheme- wd-fontsize-s wd-list-type-unordered wd-list-style-default wd-justify-left\">\n\t\t\t\t\t\t\t\t\t\t\t<li class=\"elementor-repeater-item-c47ceb3\">\n\t\t\t\t\t\t\t\t\t\t\t<span class=\"list-icon\"><\/span>\t\t\t\t\t\n\t\t\t\t\t<span class=\"list-content\">\n\t\t\t\t\t\tSerrure \u00e0 cl\u00e9 MIV\n\n\n\t\t\t\t\t<\/span>\n\n\t\t\t\t\t\t\t\t\t<\/li>\n\t\t\t\t\t\t\t\t\t\t\t<li class=\"elementor-repeater-item-31a1e4d\">\n\t\t\t\t\t\t\t\t\t\t\t<span class=\"list-icon\"><\/span>\t\t\t\t\t\n\t\t\t\t\t<span class=\"list-content\">\n\t\t\t\t\t\tSyst\u00e8me Automatis\u00e9\n\t\t\t\t\t<\/span>\n\n\t\t\t\t\t\t\t\t\t<\/li>\n\t\t\t\t\t<\/ul>\n\n\t\t\t\t\t\t<\/div>\n\t\t\t\t<\/div>\n\t\t\t\t<div class=\"elementor-element elementor-element-003c9b1 elementor-widget elementor-widget-wd_button\" data-id=\"003c9b1\" data-element_type=\"widget\" data-e-type=\"widget\" data-widget_type=\"wd_button.default\">\n\t\t\t\t<div class=\"elementor-widget-container\">\n\t\t\t\t\t\t\t<div class=\"wd-button-wrapper text-center\" >\n\t\t\t<a class=\"btn btn-style-3d btn-style-semi-round btn-size-default btn-color-primary btn-icon-pos-right\"  href=\"https:\/\/www.mivsrl.com\/wp-content\/uploads\/2023\/06\/Porte-frigorifique-industrielle-coulissante-pour-temperature-negative-970-BT.pdf\" target=\"_blank\">\n\t\t\t\t<span class=\"wd-btn-text\" data-elementor-setting-key=\"text\">\n\t\t\t\t\tFICHE TECHNIQUE\t\t\t\t<\/span>\n\n\t\t\t\t\t\t\t<\/a>\n\t\t<\/div>\n\t\t\t\t\t\t<\/div>\n\t\t\t\t<\/div>\n\t\t\t\t<div class=\"elementor-element elementor-element-2ef8399 elementor-widget elementor-widget-wd_button\" data-id=\"2ef8399\" data-element_type=\"widget\" data-e-type=\"widget\" data-widget_type=\"wd_button.default\">\n\t\t\t\t<div class=\"elementor-widget-container\">\n\t\t\t\t\t\t\t<div class=\"wd-button-wrapper text-center\" >\n\t\t\t<a class=\"btn btn-style-3d btn-style-semi-round btn-size-default btn-color-alt btn-icon-pos-right\"  href=\"https:\/\/www.mivsrl.com\/wp-content\/uploads\/2023\/04\/porta-cella-frigorifera-industriale-disegno-970BT.pdf\" target=\"_blank\">\n\t\t\t\t<span class=\"wd-btn-text\" data-elementor-setting-key=\"text\">\n\t\t\t\t\tDESSIN \u00c9CLAT\u00c9\t\t\t\t<\/span>\n\n\t\t\t\t\t\t\t<\/a>\n\t\t<\/div>\n\t\t\t\t\t\t<\/div>\n\t\t\t\t<\/div>\n\t\t\t\t\t<\/div>\n\t\t<\/div>\n\t\t\t\t\t<\/div>\n\t\t<\/section>\n\t\t\t\t<\/div>\n\t\t","protected":false},"excerpt":{"rendered":"<p><strong>970BT (T De 0 \u00e0 -20\/-25\u00b0C)<\/strong><\/p>\n<p>Porte adapt\u00e9e aux chambres froides pour congeler et conserver les aliments, les denr\u00e9es alimentaires et tout ce qui doit \u00eatre stock\u00e9 \u00e0 basse temp\u00e9rature.<\/p>\n<p><strong>Installation \u00e0 l\u2019Int\u00e9rieur<\/strong><br \/>\n<strong>B\u00e2ti embrassant \u00e0 \u00abL\u00bb<\/strong><\/p>\n","protected":false},"featured_media":32623,"template":"","meta":[],"product_brand":[],"product_cat":[152,229,228,153],"product_tag":[280],"class_list":{"0":"post-31185","1":"product","2":"type-product","3":"status-publish","4":"has-post-thumbnail","6":"product_cat-portes","7":"product_cat-type-dapplication-du-panneau-fr","8":"product_cat-portes-a-temperature-negative-de-0-a-28c-congelateur","9":"product_cat-portes-coulissantes-pour-chambres-froides","10":"product_tag-portes-coulissantes-pour-chambres-froides","12":"first","13":"instock","14":"shipping-taxable","15":"product-type-simple"},"yoast_head":"<!-- This site is optimized with the Yoast SEO plugin v27.4 - https:\/\/yoast.com\/product\/yoast-seo-wordpress\/ -->\n<title>PORTE FRIGORIFIQUE INDUSTRIELLE COULISSANTE POUR TEMPERATURE NEGATIVE 970BT - Miv Insulating Systems<\/title>\n<meta name=\"description\" content=\"Porte adapt\u00e9e aux chambres froides pour congeler et conserver les aliments, les denr\u00e9es alimentaires et tout ce qui doit \u00eatre stock\u00e9 \u00e0 basse temp\u00e9rature.\" \/>\n<meta name=\"robots\" content=\"index, follow, max-snippet:-1, max-image-preview:large, max-video-preview:-1\" \/>\n<link rel=\"canonical\" href=\"https:\/\/www.mivsrl.com\/fr\/produit\/porte-coulissante-de-refrigeration-industrielle-pour-temperature-negative-970bt\/\" \/>\n<meta property=\"og:locale\" content=\"fr_FR\" \/>\n<meta property=\"og:type\" content=\"article\" \/>\n<meta property=\"og:title\" content=\"PORTE FRIGORIFIQUE INDUSTRIELLE COULISSANTE POUR TEMPERATURE NEGATIVE 970BT - Miv Insulating Systems\" \/>\n<meta property=\"og:description\" content=\"Porte adapt\u00e9e aux chambres froides pour congeler et conserver les aliments, les denr\u00e9es alimentaires et tout ce qui doit \u00eatre stock\u00e9 \u00e0 basse temp\u00e9rature.\" \/>\n<meta property=\"og:url\" content=\"https:\/\/www.mivsrl.com\/fr\/produit\/porte-coulissante-de-refrigeration-industrielle-pour-temperature-negative-970bt\/\" \/>\n<meta property=\"og:site_name\" content=\"Miv Insulating Systems\" \/>\n<meta property=\"article:publisher\" content=\"https:\/\/www.facebook.com\/mivrefrigeration\" \/>\n<meta property=\"article:modified_time\" content=\"2023-06-30T13:01:07+00:00\" \/>\n<meta property=\"og:image\" content=\"https:\/\/www.mivsrl.com\/wp-content\/uploads\/2023\/04\/970-BT-scaled.jpg\" \/>\n\t<meta property=\"og:image:width\" content=\"2560\" \/>\n\t<meta property=\"og:image:height\" content=\"2560\" \/>\n\t<meta property=\"og:image:type\" content=\"image\/jpeg\" \/>\n<meta name=\"twitter:card\" content=\"summary_large_image\" \/>\n<meta name=\"twitter:label1\" content=\"Dur\u00e9e de lecture estim\u00e9e\" \/>\n\t<meta name=\"twitter:data1\" content=\"1 minute\" \/>\n<script type=\"application\/ld+json\" class=\"yoast-schema-graph\">{\"@context\":\"https:\\\/\\\/schema.org\",\"@graph\":[{\"@type\":\"WebPage\",\"@id\":\"https:\\\/\\\/www.mivsrl.com\\\/fr\\\/produit\\\/porte-coulissante-de-refrigeration-industrielle-pour-temperature-negative-970bt\\\/\",\"url\":\"https:\\\/\\\/www.mivsrl.com\\\/fr\\\/produit\\\/porte-coulissante-de-refrigeration-industrielle-pour-temperature-negative-970bt\\\/\",\"name\":\"PORTE FRIGORIFIQUE INDUSTRIELLE COULISSANTE POUR TEMPERATURE NEGATIVE 970BT - Miv Insulating Systems\",\"isPartOf\":{\"@id\":\"https:\\\/\\\/www.mivsrl.com\\\/fr\\\/#website\"},\"primaryImageOfPage\":{\"@id\":\"https:\\\/\\\/www.mivsrl.com\\\/fr\\\/produit\\\/porte-coulissante-de-refrigeration-industrielle-pour-temperature-negative-970bt\\\/#primaryimage\"},\"image\":{\"@id\":\"https:\\\/\\\/www.mivsrl.com\\\/fr\\\/produit\\\/porte-coulissante-de-refrigeration-industrielle-pour-temperature-negative-970bt\\\/#primaryimage\"},\"thumbnailUrl\":\"https:\\\/\\\/www.mivsrl.com\\\/wp-content\\\/uploads\\\/2023\\\/04\\\/970-BT-scaled.jpg\",\"datePublished\":\"2023-04-03T15:39:00+00:00\",\"dateModified\":\"2023-06-30T13:01:07+00:00\",\"description\":\"Porte adapt\u00e9e aux chambres froides pour congeler et conserver les aliments, les denr\u00e9es alimentaires et tout ce qui doit \u00eatre stock\u00e9 \u00e0 basse temp\u00e9rature.\",\"breadcrumb\":{\"@id\":\"https:\\\/\\\/www.mivsrl.com\\\/fr\\\/produit\\\/porte-coulissante-de-refrigeration-industrielle-pour-temperature-negative-970bt\\\/#breadcrumb\"},\"inLanguage\":\"fr-FR\",\"potentialAction\":[{\"@type\":\"ReadAction\",\"target\":[\"https:\\\/\\\/www.mivsrl.com\\\/fr\\\/produit\\\/porte-coulissante-de-refrigeration-industrielle-pour-temperature-negative-970bt\\\/\"]}]},{\"@type\":\"ImageObject\",\"inLanguage\":\"fr-FR\",\"@id\":\"https:\\\/\\\/www.mivsrl.com\\\/fr\\\/produit\\\/porte-coulissante-de-refrigeration-industrielle-pour-temperature-negative-970bt\\\/#primaryimage\",\"url\":\"https:\\\/\\\/www.mivsrl.com\\\/wp-content\\\/uploads\\\/2023\\\/04\\\/970-BT-scaled.jpg\",\"contentUrl\":\"https:\\\/\\\/www.mivsrl.com\\\/wp-content\\\/uploads\\\/2023\\\/04\\\/970-BT-scaled.jpg\",\"width\":2560,\"height\":2560,\"caption\":\"porte-celle-frigorifere-industriali\"},{\"@type\":\"BreadcrumbList\",\"@id\":\"https:\\\/\\\/www.mivsrl.com\\\/fr\\\/produit\\\/porte-coulissante-de-refrigeration-industrielle-pour-temperature-negative-970bt\\\/#breadcrumb\",\"itemListElement\":[{\"@type\":\"ListItem\",\"position\":1,\"name\":\"Home\",\"item\":\"https:\\\/\\\/www.mivsrl.com\\\/fr\\\/\"},{\"@type\":\"ListItem\",\"position\":2,\"name\":\"Catalogue\",\"item\":\"https:\\\/\\\/www.mivsrl.com\\\/fr\\\/catalogue\\\/\"},{\"@type\":\"ListItem\",\"position\":3,\"name\":\"PORTE FRIGORIFIQUE INDUSTRIELLE COULISSANTE POUR TEMPERATURE NEGATIVE 970BT\"}]},{\"@type\":\"WebSite\",\"@id\":\"https:\\\/\\\/www.mivsrl.com\\\/fr\\\/#website\",\"url\":\"https:\\\/\\\/www.mivsrl.com\\\/fr\\\/\",\"name\":\"Miv Insulating Systems\",\"description\":\"Produzione di porte e accessori per celle frigorifere\",\"potentialAction\":[{\"@type\":\"SearchAction\",\"target\":{\"@type\":\"EntryPoint\",\"urlTemplate\":\"https:\\\/\\\/www.mivsrl.com\\\/fr\\\/?s={search_term_string}\"},\"query-input\":{\"@type\":\"PropertyValueSpecification\",\"valueRequired\":true,\"valueName\":\"search_term_string\"}}],\"inLanguage\":\"fr-FR\"}]}<\/script>\n<!-- \/ Yoast SEO plugin. -->","yoast_head_json":{"title":"PORTE FRIGORIFIQUE INDUSTRIELLE COULISSANTE POUR TEMPERATURE NEGATIVE 970BT - Miv Insulating Systems","description":"Porte adapt\u00e9e aux chambres froides pour congeler et conserver les aliments, les denr\u00e9es alimentaires et tout ce qui doit \u00eatre stock\u00e9 \u00e0 basse temp\u00e9rature.","robots":{"index":"index","follow":"follow","max-snippet":"max-snippet:-1","max-image-preview":"max-image-preview:large","max-video-preview":"max-video-preview:-1"},"canonical":"https:\/\/www.mivsrl.com\/fr\/produit\/porte-coulissante-de-refrigeration-industrielle-pour-temperature-negative-970bt\/","og_locale":"fr_FR","og_type":"article","og_title":"PORTE FRIGORIFIQUE INDUSTRIELLE COULISSANTE POUR TEMPERATURE NEGATIVE 970BT - Miv Insulating Systems","og_description":"Porte adapt\u00e9e aux chambres froides pour congeler et conserver les aliments, les denr\u00e9es alimentaires et tout ce qui doit \u00eatre stock\u00e9 \u00e0 basse temp\u00e9rature.","og_url":"https:\/\/www.mivsrl.com\/fr\/produit\/porte-coulissante-de-refrigeration-industrielle-pour-temperature-negative-970bt\/","og_site_name":"Miv Insulating Systems","article_publisher":"https:\/\/www.facebook.com\/mivrefrigeration","article_modified_time":"2023-06-30T13:01:07+00:00","og_image":[{"width":2560,"height":2560,"url":"https:\/\/www.mivsrl.com\/wp-content\/uploads\/2023\/04\/970-BT-scaled.jpg","type":"image\/jpeg"}],"twitter_card":"summary_large_image","twitter_misc":{"Dur\u00e9e de lecture estim\u00e9e":"1 minute"},"schema":{"@context":"https:\/\/schema.org","@graph":[{"@type":"WebPage","@id":"https:\/\/www.mivsrl.com\/fr\/produit\/porte-coulissante-de-refrigeration-industrielle-pour-temperature-negative-970bt\/","url":"https:\/\/www.mivsrl.com\/fr\/produit\/porte-coulissante-de-refrigeration-industrielle-pour-temperature-negative-970bt\/","name":"PORTE FRIGORIFIQUE INDUSTRIELLE COULISSANTE POUR TEMPERATURE NEGATIVE 970BT - Miv Insulating Systems","isPartOf":{"@id":"https:\/\/www.mivsrl.com\/fr\/#website"},"primaryImageOfPage":{"@id":"https:\/\/www.mivsrl.com\/fr\/produit\/porte-coulissante-de-refrigeration-industrielle-pour-temperature-negative-970bt\/#primaryimage"},"image":{"@id":"https:\/\/www.mivsrl.com\/fr\/produit\/porte-coulissante-de-refrigeration-industrielle-pour-temperature-negative-970bt\/#primaryimage"},"thumbnailUrl":"https:\/\/www.mivsrl.com\/wp-content\/uploads\/2023\/04\/970-BT-scaled.jpg","datePublished":"2023-04-03T15:39:00+00:00","dateModified":"2023-06-30T13:01:07+00:00","description":"Porte adapt\u00e9e aux chambres froides pour congeler et conserver les aliments, les denr\u00e9es alimentaires et tout ce qui doit \u00eatre stock\u00e9 \u00e0 basse temp\u00e9rature.","breadcrumb":{"@id":"https:\/\/www.mivsrl.com\/fr\/produit\/porte-coulissante-de-refrigeration-industrielle-pour-temperature-negative-970bt\/#breadcrumb"},"inLanguage":"fr-FR","potentialAction":[{"@type":"ReadAction","target":["https:\/\/www.mivsrl.com\/fr\/produit\/porte-coulissante-de-refrigeration-industrielle-pour-temperature-negative-970bt\/"]}]},{"@type":"ImageObject","inLanguage":"fr-FR","@id":"https:\/\/www.mivsrl.com\/fr\/produit\/porte-coulissante-de-refrigeration-industrielle-pour-temperature-negative-970bt\/#primaryimage","url":"https:\/\/www.mivsrl.com\/wp-content\/uploads\/2023\/04\/970-BT-scaled.jpg","contentUrl":"https:\/\/www.mivsrl.com\/wp-content\/uploads\/2023\/04\/970-BT-scaled.jpg","width":2560,"height":2560,"caption":"porte-celle-frigorifere-industriali"},{"@type":"BreadcrumbList","@id":"https:\/\/www.mivsrl.com\/fr\/produit\/porte-coulissante-de-refrigeration-industrielle-pour-temperature-negative-970bt\/#breadcrumb","itemListElement":[{"@type":"ListItem","position":1,"name":"Home","item":"https:\/\/www.mivsrl.com\/fr\/"},{"@type":"ListItem","position":2,"name":"Catalogue","item":"https:\/\/www.mivsrl.com\/fr\/catalogue\/"},{"@type":"ListItem","position":3,"name":"PORTE FRIGORIFIQUE INDUSTRIELLE COULISSANTE POUR TEMPERATURE NEGATIVE 970BT"}]},{"@type":"WebSite","@id":"https:\/\/www.mivsrl.com\/fr\/#website","url":"https:\/\/www.mivsrl.com\/fr\/","name":"Miv Insulating Systems","description":"Produzione di porte e accessori per celle frigorifere","potentialAction":[{"@type":"SearchAction","target":{"@type":"EntryPoint","urlTemplate":"https:\/\/www.mivsrl.com\/fr\/?s={search_term_string}"},"query-input":{"@type":"PropertyValueSpecification","valueRequired":true,"valueName":"search_term_string"}}],"inLanguage":"fr-FR"}]}},"_links":{"self":[{"href":"https:\/\/www.mivsrl.com\/fr\/wp-json\/wp\/v2\/product\/31185","targetHints":{"allow":["GET"]}}],"collection":[{"href":"https:\/\/www.mivsrl.com\/fr\/wp-json\/wp\/v2\/product"}],"about":[{"href":"https:\/\/www.mivsrl.com\/fr\/wp-json\/wp\/v2\/types\/product"}],"version-history":[{"count":0,"href":"https:\/\/www.mivsrl.com\/fr\/wp-json\/wp\/v2\/product\/31185\/revisions"}],"wp:featuredmedia":[{"embeddable":true,"href":"https:\/\/www.mivsrl.com\/fr\/wp-json\/wp\/v2\/media\/32623"}],"wp:attachment":[{"href":"https:\/\/www.mivsrl.com\/fr\/wp-json\/wp\/v2\/media?parent=31185"}],"wp:term":[{"taxonomy":"product_brand","embeddable":true,"href":"https:\/\/www.mivsrl.com\/fr\/wp-json\/wp\/v2\/product_brand?post=31185"},{"taxonomy":"product_cat","embeddable":true,"href":"https:\/\/www.mivsrl.com\/fr\/wp-json\/wp\/v2\/product_cat?post=31185"},{"taxonomy":"product_tag","embeddable":true,"href":"https:\/\/www.mivsrl.com\/fr\/wp-json\/wp\/v2\/product_tag?post=31185"}],"curies":[{"name":"wp","href":"https:\/\/api.w.org\/{rel}","templated":true}]}}